{"id":126087,"date":"2020-07-03T12:12:25","date_gmt":"2020-07-03T10:12:25","guid":{"rendered":"https:\/\/home4you.info\/faq-items\/what-costs-does-the-seller-bear-when-selling-a-property-in-the-balearic-islands\/"},"modified":"2021-04-10T18:23:26","modified_gmt":"2021-04-10T16:23:26","slug":"what-costs-does-the-seller-bear-when-selling-a-property-in-the-balearic-islands","status":"publish","type":"avada_faq","link":"https:\/\/home4you.info\/en\/faq-items\/what-costs-does-the-seller-bear-when-selling-a-property-in-the-balearic-islands\/","title":{"rendered":"What costs does the seller bear when selling a property in the Balearic Islands?"},"content":{"rendered":"<p><div class=\"fusion-fullwidth fullwidth-box fusion-builder-row-1 nonhundred-percent-fullwidth non-hundred-percent-height-scrolling\" style=\"--awb-border-radius-top-left:0px;--awb-border-radius-top-right:0px;--awb-border-radius-bottom-right:0px;--awb-border-radius-bottom-left:0px;--awb-flex-wrap:wrap;\" ><div class=\"fusion-builder-row fusion-row\"><div class=\"fusion-layout-column fusion_builder_column fusion-builder-column-0 fusion_builder_column_1_1 1_1 fusion-one-full fusion-column-first fusion-column-last\" style=\"--awb-bg-size:cover;--awb-margin-bottom:0px;\"><div class=\"fusion-column-wrapper fusion-flex-column-wrapper-legacy\"><div class=\"fusion-text fusion-text-1\"><p>If a resident or non-resident sells their Spanish property in Ibiza, this may mean that they have made a capital gain and a capital appreciation, both of which are taxable.<\/p>\n<p>In principle, the seller is subject to the municipal capital gains tax (&#8220;Plusval\u00eda municipal&#8221;), unless otherwise agreed between buyer and seller.<\/p>\n<p>However, according to the latest case law, such an agreement is only valid under certain conditions. In addition, the seller must pay tax on the capital gain from the sale of his or her real estate between the time of purchase and sale (&#8220;state capital gains tax&#8221;) if he or she receives a financial benefit as a result.<\/p>\n<p>This is treated as income in the Income Tax Act (IRPF) and added to his or her other income.<\/p>\n<p>This means that a distinction must be made between two completely different taxes when taxing the appreciation or capital gains of real estate:<\/p>\n<p>&#8211; The state income tax, which taxes the capital gains of land and &#8211; if any &#8211; buildings constructed on it<\/p>\n<p>&#8211; The municipal &#8216;Plusvalia&#8217;, which taxes the increase in value of urban land without taking existing buildings into account<\/p>\n<p>As a result of the tax concessions for acquisitions made before 31 December 1986, the longer the acquisition is made, the lower the tax on the capital gain. In the case of Plusvalia, on the other hand, the longer the transferor was the owner of the property, the higher the tax is, whereby only the last twenty years are taken into account.<\/p>\n<p>Spanish (state) profit tax<\/p>\n<p>With regard to the state profit tax, a distinction must be made between residents and non-residents. For non-residents in the Balearic Islands, the current tax rate on capital gains has been a uniform 19% since the beginning of 2016.<\/p>\n<p>If a non-resident transfers a property located in the Balearic Islands, the buyer is obliged to withhold an amount equal to 3% of the notarised purchase price and pay it to the tax office within one month of the notarisation of the purchase contract using the appropriate form in the seller&#8217;s favour, and then hand over the corresponding proof to the seller. If the seller has not made a profit on the sale, the tax office will reimburse the seller on request the amount paid in or a partial amount after deduction of possible tax debts.<\/p>\n<p>Municipal Capital Gains Tax &#8211; &#8220;Plusval\u00eda municipal<\/p>\n<p>As a general rule, any transfer of urban land subject to property tax (IBI) is taxed with the tax on the increase in value of urban land, the &#8220;Impuesto sobre el Incremento del Valor de los Terrenos de Naturaleza Urbana&#8221;, colloquially called Plusvalia.<br \/>\nThe tax is based on the increase in value of urban land.<\/p>\n<p>This means that when you buy a built-up plot of land, buildings are not included, only the land itself. The tax is based on the actual increase in value during the last twenty years before the transfer. The calculation of the exact amount of the Plusvalia tax prepared by the municipal administration is based on the so-called &#8220;Valor catastral&#8221;, the cadastral value. The cadastral value can be taken from the respective property tax assessment of the previous year.<\/p>\n<p>The notaries are obliged to provide the competent municipal administration with a list of all public deeds they have notarised, insofar as these contain legal transactions relevant to the Plusval\u00eda tax.\u00a0 Without the corresponding application of the buyer or seller side to the municipality for the calculation of the Plusvalia, the competent land registry office will not register the new owner at present.<\/p>\n<p>If the seller of the real estate is a non-resident, the municipality can apply directly to the buyer of the real estate when collecting the Plusval\u00eda tax. As a result of this legal situation, municipalities can hold the purchaser liable, even if the purchaser was not explicitly obliged to pay the tax in the notarised deed of purchase.<\/p>\n<\/div><div class=\"fusion-clearfix\"><\/div><\/div><\/div><\/div><div class=\"fusion-builder-row fusion-row\"><\/div><\/div><div class=\"fusion-fullwidth fullwidth-box fusion-builder-row-2 hundred-percent-fullwidth non-hundred-percent-height-scrolling\" style=\"--awb-border-radius-top-left:0px;--awb-border-radius-top-right:0px;--awb-border-radius-bottom-right:0px;--awb-border-radius-bottom-left:0px;--awb-overflow:visible;--awb-flex-wrap:wrap;\" ><div class=\"fusion-builder-row fusion-row\"><div class=\"fusion-layout-column fusion_builder_column fusion-builder-column-1 fusion_builder_column_1_1 1_1 fusion-one-full fusion-column-first fusion-column-last fusion-column-no-min-height\" style=\"--awb-bg-size:cover;--awb-margin-bottom:0px;\"><div class=\"fusion-column-wrapper fusion-flex-column-wrapper-legacy\"><div class=\"fusion-text fusion-text-2\"><h3 data-fusion-font=\"true\">Quellenangabe:<\/h3>\n<p style=\"font-size: 13px; line-height: 16px;\" data-fusion-font=\"true\">Die Inhalte dieses Beitrags stellen lediglich eine generelle Information und in keinem Fall eine rechtliche oder fachliche Beratung dar. Weder die herausgebende Kanzlei<a href=\"http:\/\/www.ibiza-legal.com\/de\/\"><b> IBIZA-LEGAL <\/b><\/a>noch deren Mitarbeiter \u00fcbernehmen in irgendeiner Art Verantwortung f\u00fcr m\u00f6glicherweise in Zusammenhang mit der Nutzung der Inhalte der Seite auftretende Nachteile oder Sch\u00e4den.<\/p>\n<p style=\"font-size: 13px; line-height: 16px;\" data-fusion-font=\"true\">Die Kanzlei <a href=\"http:\/\/www.ibiza-legal.com\/de\/\"><b> IBIZA-LEGAL <\/b><\/a>\u00a0\u00fcbernimmt ebenso wenig Verantwortung f\u00fcr die Inhalte anderer Webseiten, welche durch Links oder auf andere Art und Weise mit dieser Webseite verbunden sind. Die Einbeziehung von Links zu anderen Webseiten auf dieser Seite bedeutet weder eine Genehmigung noch ein Einverst\u00e4ndnis mit den Inhalten dieser Webseiten, noch das Bestehen irgendeiner anderen Verbindung zwischen der Kanzlei IBIZA-LEGAL und den Inhabern dieser Beitragsseite.<\/p>\n<p style=\"font-size: 13px; line-height: 16px;\" data-fusion-font=\"true\">Die Kopie, Vervielf\u00e4ltigung, Wiedergabe, \u00dcbertragung, der Vertrieb oder die Ver\u00f6ffentlichung der Inhalte dieser Webseite sind ohne die vorherige ausdr\u00fcckliche Zustimmung der Kanzlei <a href=\"http:\/\/www.ibiza-legal.com\/de\/\"><b> IBIZA-LEGAL <\/b><\/a>\u00a0untersagt. Die Wiedergabe und zeitliche vor\u00fcbergehende Speicherung der Inhalte dieser Webseite sind insofern gestattet, wie dies f\u00fcr die Nutzung und Kenntlichmachung der Webseite von einem Personalcomputer aus erforderlich ist.<\/p>\n<p><b style=\"font-size: 13px; line-height: 16px;\" data-fusion-font=\"true\">IBIZA LEGAL<\/b><br \/>\n<span style=\"font-size: 13px; line-height: 16px;\" data-fusion-font=\"true\">Rechtsanw\u00e4lte &amp; Abogados<\/span><\/p>\n<p><span style=\"font-size: 13px; line-height: 16px;\" data-fusion-font=\"true\"><b>DIRECCI\u00d3N:<\/b><\/span><br \/>\n<span style=\"font-size: 13px; line-height: 16px;\" data-fusion-font=\"true\">Calle Extremadura, 22 \u2013 3\u00ba izq.<\/span><br \/>\n<span style=\"font-size: 13px; line-height: 16px;\" data-fusion-font=\"true\">Ibiza<\/span><br \/>\n<span style=\"font-size: 13px; line-height: 16px;\" data-fusion-font=\"true\">Islas Baleares E-07800<\/span><\/p>\n<p><span style=\"font-size: 13px; line-height: 16px;\" data-fusion-font=\"true\"><b>TEL\u00c9FONOS:<\/b><\/span><br \/>\n<span style=\"font-size: 13px; line-height: 16px;\" data-fusion-font=\"true\">+34 971 59 02 30<br \/>\n<\/span><span style=\"font-size: 13px; line-height: 16px;\" data-fusion-font=\"true\">+34 971 30 13 98<\/span><br \/>\n<span style=\"font-size: 13px; line-height: 16px;\" data-fusion-font=\"true\">+34 647 99 47 35 (no Whatsapp) <\/span><\/p>\n<p><strong><span style=\"font-size: 13px; line-height: 16px;\" data-fusion-font=\"true\">E-MAIL:<\/span><\/strong><br \/>\n<strong><a href=\"mailto:info@ibiza-legal.com\"><span style=\"font-size: 13px; line-height: 16px;\" data-fusion-font=\"true\">info@ibiza-legal.com<\/span><\/a><\/strong><\/p>\n<div class=\"ms-editor-squiggler\" style=\"color: initial; font: initial; font-feature-settings: initial; font-kerning: initial; font-optical-sizing: initial; font-variation-settings: initial; forced-color-adjust: initial; text-orientation: initial; text-rendering: initial; -webkit-font-smoothing: initial; -webkit-locale: initial; -webkit-text-orientation: initial; -webkit-writing-mode: initial; writing-mode: initial; zoom: initial; place-content: initial; place-items: initial; place-self: initial; alignment-baseline: initial; animation: initial; appearance: initial; aspect-ratio: initial; backdrop-filter: initial; backface-visibility: initial; background: initial; background-blend-mode: initial; baseline-shift: initial; block-size: initial; border-block: initial; border: initial; border-radius: initial; border-collapse: initial; border-end-end-radius: initial; border-end-start-radius: initial; border-inline: initial; border-start-end-radius: initial; border-start-start-radius: initial; inset: initial; box-shadow: initial; box-sizing: initial; break-after: initial; break-before: initial; break-inside: initial; buffered-rendering: initial; caption-side: initial; caret-color: initial; clear: initial; clip: initial; clip-path: initial; clip-rule: initial; color-interpolation: initial; color-interpolation-filters: initial; color-rendering: initial; color-scheme: initial; columns: initial; column-fill: initial; gap: initial; column-rule: initial; column-span: initial; contain: initial; contain-intrinsic-size: initial; content: initial; content-visibility: initial; counter-increment: initial; counter-reset: initial; counter-set: initial; cursor: initial; cx: initial; cy: initial; d: initial; display: block; dominant-baseline: initial; empty-cells: initial; fill: initial; fill-opacity: initial; fill-rule: initial; filter: initial; flex: initial; flex-flow: initial; float: initial; flood-color: initial; flood-opacity: initial; grid: initial; grid-area: initial; height: 0px; hyphens: initial; image-orientation: initial; image-rendering: initial; inline-size: initial; inset-block: initial; inset-inline: initial; isolation: initial; letter-spacing: initial; lighting-color: initial; line-break: initial; list-style: initial; margin-block: initial; margin: initial; margin-inline: initial; marker: initial; mask: initial; mask-type: initial; max-block-size: initial; max-height: initial; max-inline-size: initial; max-width: initial; min-block-size: initial; min-height: initial; min-inline-size: initial; min-width: initial; mix-blend-mode: initial; object-fit: initial; object-position: initial; offset: initial; opacity: initial; order: initial; origin-trial-test-property: initial; orphans: initial; outline: initial; outline-offset: initial; overflow-anchor: initial; overflow-wrap: initial; overflow: initial; overscroll-behavior-block: initial; overscroll-behavior-inline: initial; overscroll-behavior: initial; padding-block: initial; padding: initial; padding-inline: initial; page: initial; page-orientation: initial; paint-order: initial; perspective: initial; perspective-origin: initial; pointer-events: initial; position: initial; quotes: initial; r: initial; resize: initial; ruby-position: initial; rx: initial; ry: initial; scroll-behavior: initial; scroll-margin-block: initial; scroll-margin: initial; scroll-margin-inline: initial; scroll-padding-block: initial; scroll-padding: initial; scroll-padding-inline: initial; scroll-snap-align: initial; scroll-snap-stop: initial; scroll-snap-type: initial; shape-image-threshold: initial; shape-margin: initial; shape-outside: initial; shape-rendering: initial; size: initial; speak: initial; stop-color: initial; stop-opacity: initial; stroke: initial; stroke-dasharray: initial; stroke-dashoffset: initial; stroke-linecap: initial; stroke-linejoin: initial; stroke-miterlimit: initial; stroke-opacity: initial; stroke-width: initial; tab-size: initial; table-layout: initial; text-align: initial; text-align-last: initial; text-anchor: initial; text-combine-upright: initial; text-decoration: initial; text-decoration-skip-ink: initial; text-indent: initial; text-overflow: initial; text-shadow: initial; text-size-adjust: initial; text-transform: initial; text-underline-offset: initial; text-underline-position: initial; touch-action: initial; transform: initial; transform-box: initial; transform-origin: initial; transform-style: initial; transition: initial; user-select: initial; vector-effect: initial; vertical-align: initial; visibility: initial; -webkit-app-region: initial; border-spacing: initial; -webkit-border-image: initial; -webkit-box-align: initial; -webkit-box-decoration-break: initial; -webkit-box-direction: initial; -webkit-box-flex: initial; -webkit-box-ordinal-group: initial; -webkit-box-orient: initial; -webkit-box-pack: initial; -webkit-box-reflect: initial; -webkit-highlight: initial; -webkit-hyphenate-character: initial; -webkit-line-break: initial; -webkit-line-clamp: initial; -webkit-mask-box-image: initial; -webkit-mask: initial; -webkit-mask-composite: initial; -webkit-perspective-origin-x: initial; -webkit-perspective-origin-y: initial; -webkit-print-color-adjust: initial; -webkit-rtl-ordering: initial; -webkit-ruby-position: initial; -webkit-tap-highlight-color: initial; -webkit-text-combine: initial; -webkit-text-decorations-in-effect: initial; -webkit-text-emphasis: initial; -webkit-text-emphasis-position: initial; -webkit-text-fill-color: initial; -webkit-text-security: initial; -webkit-text-stroke: initial; -webkit-transform-origin-x: initial; -webkit-transform-origin-y: initial; -webkit-transform-origin-z: initial; -webkit-user-drag: initial; -webkit-user-modify: initial; white-space: initial; widows: initial; width: initial; will-change: initial; word-break: initial; word-spacing: initial; x: initial; y: initial; z-index: initial;\"><\/div>\n<\/div><div class=\"fusion-clearfix\"><\/div><\/div><\/div><\/div><div class=\"fusion-builder-row fusion-row\"><\/div><\/div><\/p>\n","protected":false},"excerpt":{"rendered":"","protected":false},"author":1,"featured_media":0,"menu_order":0,"comment_status":"closed","ping_status":"closed","template":"","format":"standard","meta":{"footnotes":""},"faq_category":[],"class_list":["post-126087","avada_faq","type-avada_faq","status-publish","format-standard","hentry"],"yoast_head":"<!-- This site is optimized with the Yoast SEO plugin v26.8 - https:\/\/yoast.com\/product\/yoast-seo-wordpress\/ -->\n<title>What costs does the seller bear when selling a property in the Balearic Islands? | home4you<\/title>\n<meta name=\"robots\" content=\"index, follow, max-snippet:-1, max-image-preview:large, max-video-preview:-1\" \/>\n<link rel=\"canonical\" href=\"https:\/\/home4you.info\/en\/faq-items\/what-costs-does-the-seller-bear-when-selling-a-property-in-the-balearic-islands\/\" \/>\n<meta property=\"og:locale\" content=\"en_US\" \/>\n<meta property=\"og:type\" content=\"article\" \/>\n<meta property=\"og:title\" content=\"What costs does the seller bear when selling a property in the Balearic Islands? | home4you\" \/>\n<meta property=\"og:url\" content=\"https:\/\/home4you.info\/en\/faq-items\/what-costs-does-the-seller-bear-when-selling-a-property-in-the-balearic-islands\/\" \/>\n<meta property=\"og:site_name\" content=\"home4you\" \/>\n<meta property=\"article:publisher\" content=\"https:\/\/www.facebook.com\/profile.php?id=100058838386052\" \/>\n<meta property=\"article:modified_time\" content=\"2021-04-10T16:23:26+00:00\" \/>\n<meta name=\"twitter:card\" content=\"summary_large_image\" \/>\n<meta name=\"twitter:label1\" content=\"Est. reading time\" \/>\n\t<meta name=\"twitter:data1\" content=\"6 minutes\" \/>\n<script type=\"application\/ld+json\" class=\"yoast-schema-graph\">{\"@context\":\"https:\/\/schema.org\",\"@graph\":[{\"@type\":\"WebPage\",\"@id\":\"https:\/\/home4you.info\/en\/faq-items\/what-costs-does-the-seller-bear-when-selling-a-property-in-the-balearic-islands\/\",\"url\":\"https:\/\/home4you.info\/en\/faq-items\/what-costs-does-the-seller-bear-when-selling-a-property-in-the-balearic-islands\/\",\"name\":\"What costs does the seller bear when selling a property in the Balearic Islands? | home4you\",\"isPartOf\":{\"@id\":\"https:\/\/home4you.info\/en\/#website\"},\"datePublished\":\"2020-07-03T10:12:25+00:00\",\"dateModified\":\"2021-04-10T16:23:26+00:00\",\"breadcrumb\":{\"@id\":\"https:\/\/home4you.info\/en\/faq-items\/what-costs-does-the-seller-bear-when-selling-a-property-in-the-balearic-islands\/#breadcrumb\"},\"inLanguage\":\"en-US\",\"potentialAction\":[{\"@type\":\"ReadAction\",\"target\":[\"https:\/\/home4you.info\/en\/faq-items\/what-costs-does-the-seller-bear-when-selling-a-property-in-the-balearic-islands\/\"]}]},{\"@type\":\"BreadcrumbList\",\"@id\":\"https:\/\/home4you.info\/en\/faq-items\/what-costs-does-the-seller-bear-when-selling-a-property-in-the-balearic-islands\/#breadcrumb\",\"itemListElement\":[{\"@type\":\"ListItem\",\"position\":1,\"name\":\"Startseite\",\"item\":\"https:\/\/home4you.info\/en\/\"},{\"@type\":\"ListItem\",\"position\":2,\"name\":\"FAQs\",\"item\":\"https:\/\/home4you.info\/en\/faq-items\/\"},{\"@type\":\"ListItem\",\"position\":3,\"name\":\"What costs does the seller bear when selling a property in the Balearic Islands?\"}]},{\"@type\":\"WebSite\",\"@id\":\"https:\/\/home4you.info\/en\/#website\",\"url\":\"https:\/\/home4you.info\/en\/\",\"name\":\"home4you\",\"description\":\"modern home \u2013 modern living\",\"publisher\":{\"@id\":\"https:\/\/home4you.info\/en\/#organization\"},\"potentialAction\":[{\"@type\":\"SearchAction\",\"target\":{\"@type\":\"EntryPoint\",\"urlTemplate\":\"https:\/\/home4you.info\/en\/?s={search_term_string}\"},\"query-input\":{\"@type\":\"PropertyValueSpecification\",\"valueRequired\":true,\"valueName\":\"search_term_string\"}}],\"inLanguage\":\"en-US\"},{\"@type\":\"Organization\",\"@id\":\"https:\/\/home4you.info\/en\/#organization\",\"name\":\"home4you\",\"url\":\"https:\/\/home4you.info\/en\/\",\"logo\":{\"@type\":\"ImageObject\",\"inLanguage\":\"en-US\",\"@id\":\"https:\/\/home4you.info\/en\/#\/schema\/logo\/image\/\",\"url\":\"https:\/\/home4you.info\/wp-content\/uploads\/2021\/10\/03logo3.png\",\"contentUrl\":\"https:\/\/home4you.info\/wp-content\/uploads\/2021\/10\/03logo3.png\",\"width\":398,\"height\":274,\"caption\":\"home4you\"},\"image\":{\"@id\":\"https:\/\/home4you.info\/en\/#\/schema\/logo\/image\/\"},\"sameAs\":[\"https:\/\/www.facebook.com\/profile.php?id=100058838386052\",\"https:\/\/www.instagram.com\/home4you_immobilien\/\"]}]}<\/script>\n<!-- \/ Yoast SEO plugin. -->","yoast_head_json":{"title":"What costs does the seller bear when selling a property in the Balearic Islands? | home4you","robots":{"index":"index","follow":"follow","max-snippet":"max-snippet:-1","max-image-preview":"max-image-preview:large","max-video-preview":"max-video-preview:-1"},"canonical":"https:\/\/home4you.info\/en\/faq-items\/what-costs-does-the-seller-bear-when-selling-a-property-in-the-balearic-islands\/","og_locale":"en_US","og_type":"article","og_title":"What costs does the seller bear when selling a property in the Balearic Islands? | home4you","og_url":"https:\/\/home4you.info\/en\/faq-items\/what-costs-does-the-seller-bear-when-selling-a-property-in-the-balearic-islands\/","og_site_name":"home4you","article_publisher":"https:\/\/www.facebook.com\/profile.php?id=100058838386052","article_modified_time":"2021-04-10T16:23:26+00:00","twitter_card":"summary_large_image","twitter_misc":{"Est. reading time":"6 minutes"},"schema":{"@context":"https:\/\/schema.org","@graph":[{"@type":"WebPage","@id":"https:\/\/home4you.info\/en\/faq-items\/what-costs-does-the-seller-bear-when-selling-a-property-in-the-balearic-islands\/","url":"https:\/\/home4you.info\/en\/faq-items\/what-costs-does-the-seller-bear-when-selling-a-property-in-the-balearic-islands\/","name":"What costs does the seller bear when selling a property in the Balearic Islands? | home4you","isPartOf":{"@id":"https:\/\/home4you.info\/en\/#website"},"datePublished":"2020-07-03T10:12:25+00:00","dateModified":"2021-04-10T16:23:26+00:00","breadcrumb":{"@id":"https:\/\/home4you.info\/en\/faq-items\/what-costs-does-the-seller-bear-when-selling-a-property-in-the-balearic-islands\/#breadcrumb"},"inLanguage":"en-US","potentialAction":[{"@type":"ReadAction","target":["https:\/\/home4you.info\/en\/faq-items\/what-costs-does-the-seller-bear-when-selling-a-property-in-the-balearic-islands\/"]}]},{"@type":"BreadcrumbList","@id":"https:\/\/home4you.info\/en\/faq-items\/what-costs-does-the-seller-bear-when-selling-a-property-in-the-balearic-islands\/#breadcrumb","itemListElement":[{"@type":"ListItem","position":1,"name":"Startseite","item":"https:\/\/home4you.info\/en\/"},{"@type":"ListItem","position":2,"name":"FAQs","item":"https:\/\/home4you.info\/en\/faq-items\/"},{"@type":"ListItem","position":3,"name":"What costs does the seller bear when selling a property in the Balearic Islands?"}]},{"@type":"WebSite","@id":"https:\/\/home4you.info\/en\/#website","url":"https:\/\/home4you.info\/en\/","name":"home4you","description":"modern home \u2013 modern living","publisher":{"@id":"https:\/\/home4you.info\/en\/#organization"},"potentialAction":[{"@type":"SearchAction","target":{"@type":"EntryPoint","urlTemplate":"https:\/\/home4you.info\/en\/?s={search_term_string}"},"query-input":{"@type":"PropertyValueSpecification","valueRequired":true,"valueName":"search_term_string"}}],"inLanguage":"en-US"},{"@type":"Organization","@id":"https:\/\/home4you.info\/en\/#organization","name":"home4you","url":"https:\/\/home4you.info\/en\/","logo":{"@type":"ImageObject","inLanguage":"en-US","@id":"https:\/\/home4you.info\/en\/#\/schema\/logo\/image\/","url":"https:\/\/home4you.info\/wp-content\/uploads\/2021\/10\/03logo3.png","contentUrl":"https:\/\/home4you.info\/wp-content\/uploads\/2021\/10\/03logo3.png","width":398,"height":274,"caption":"home4you"},"image":{"@id":"https:\/\/home4you.info\/en\/#\/schema\/logo\/image\/"},"sameAs":["https:\/\/www.facebook.com\/profile.php?id=100058838386052","https:\/\/www.instagram.com\/home4you_immobilien\/"]}]}},"_links":{"self":[{"href":"https:\/\/home4you.info\/en\/wp-json\/wp\/v2\/avada_faq\/126087","targetHints":{"allow":["GET"]}}],"collection":[{"href":"https:\/\/home4you.info\/en\/wp-json\/wp\/v2\/avada_faq"}],"about":[{"href":"https:\/\/home4you.info\/en\/wp-json\/wp\/v2\/types\/avada_faq"}],"author":[{"embeddable":true,"href":"https:\/\/home4you.info\/en\/wp-json\/wp\/v2\/users\/1"}],"replies":[{"embeddable":true,"href":"https:\/\/home4you.info\/en\/wp-json\/wp\/v2\/comments?post=126087"}],"version-history":[{"count":0,"href":"https:\/\/home4you.info\/en\/wp-json\/wp\/v2\/avada_faq\/126087\/revisions"}],"wp:attachment":[{"href":"https:\/\/home4you.info\/en\/wp-json\/wp\/v2\/media?parent=126087"}],"wp:term":[{"taxonomy":"faq_category","embeddable":true,"href":"https:\/\/home4you.info\/en\/wp-json\/wp\/v2\/faq_category?post=126087"}],"curies":[{"name":"wp","href":"https:\/\/api.w.org\/{rel}","templated":true}]}}