{"id":126238,"date":"2020-07-03T15:17:28","date_gmt":"2020-07-03T13:17:28","guid":{"rendered":"https:\/\/home4you.info\/faq-items\/la-nueva-ley-de-herencia-de-la-ue\/"},"modified":"2021-04-10T18:15:32","modified_gmt":"2021-04-10T16:15:32","slug":"la-nueva-ley-de-herencia-de-la-ue","status":"publish","type":"avada_faq","link":"https:\/\/home4you.info\/es\/faq-items\/la-nueva-ley-de-herencia-de-la-ue\/","title":{"rendered":"La nueva ley de herencia de la UE"},"content":{"rendered":"<p><div class=\"fusion-fullwidth fullwidth-box fusion-builder-row-1 nonhundred-percent-fullwidth non-hundred-percent-height-scrolling\" style=\"--awb-border-radius-top-left:0px;--awb-border-radius-top-right:0px;--awb-border-radius-bottom-right:0px;--awb-border-radius-bottom-left:0px;--awb-flex-wrap:wrap;\" ><div class=\"fusion-builder-row fusion-row\"><div class=\"fusion-layout-column fusion_builder_column fusion-builder-column-0 fusion_builder_column_1_1 1_1 fusion-one-full fusion-column-first fusion-column-last\" style=\"--awb-bg-size:cover;--awb-margin-bottom:0px;\"><div class=\"fusion-column-wrapper fusion-flex-column-wrapper-legacy\"><div class=\"fusion-text fusion-text-1\"><p>Desde agosto de 2015 est\u00e1 en vigor la nueva ley de sucesiones de la UE, que tiene por objeto regular la totalidad del derecho de sucesiones en el caso de los casos de herencia tocante en los Estados miembros de la UE (excepto Gran Breta\u00f1a, Irlanda y Dinamarca).<\/p>\n<p>Uno de los aspectos m\u00e1s importantes de la regulaci\u00f3n del derecho de sucesi\u00f3n de la UE tambi\u00e9n afecta a los ciudadanos de la UE residentes en Ibiza. Este grupo de residentes en Espa\u00f1a deber\u00eda elegir la ley aplicable a la sucesi\u00f3n en un testamento. Los que no tienen residencia permanente en Espa\u00f1a no tienen necesariamente que tomar medidas.<\/p>\n<p>Los ciudadanos residentes de la UE pueden haber tenido ya un testamento redactado en el pasado por un notario o abogado de derecho civil y este testamento contiene disposiciones que deben aplicarse despu\u00e9s de su muerte. Sin embargo, desde este verano se ha producido un cambio decisivo como resultado del reglamento del derecho de sucesi\u00f3n de la UE: El testamento ya no est\u00e1 sujeto a la ley del pa\u00eds de origen, sino a la ley espa\u00f1ola, ya que se aplica la ley de sucesi\u00f3n del pa\u00eds en el que el testador tuvo su \u00faltima \u00abresidencia habitual\u00bb. Dado que el t\u00e9rmino \u00abresidencia habitual\u00bb no est\u00e1 definido por la ley, debe interpretarse en la pr\u00e1ctica. Si el testador viaja de ida y vuelta entre Ibiza y Alemania en los a\u00f1os anteriores a su muerte, depende de d\u00f3nde est\u00e9 el centro de su vida. En muchos casos, las circunstancias indicar\u00e1n que Ibiza es el \u00ablugar de residencia habitual\u00bb. Esto significa que el derecho de sucesi\u00f3n espa\u00f1ol est\u00e1 en vigor desde agosto, independientemente de si se ha redactado un testamento o no.<\/p>\n<p>El derecho sucesorio espa\u00f1ol no se aplica a todo el territorio nacional, sino que se divide en derechos formales seg\u00fan la comunidad aut\u00f3noma. Por lo tanto, el derecho de sucesi\u00f3n var\u00eda mucho en Andaluc\u00eda, Catalu\u00f1a o las Islas Baleares. En general, se puede decir que seg\u00fan la sucesi\u00f3n legal en Espa\u00f1a s\u00f3lo heredan los hijos y el c\u00f3nyuge sup\u00e9rstite tiene derecho a estornudar. Sin embargo, en Ibiza y Formentera, la ley formal ni siquiera permite que el c\u00f3nyuge sobreviviente tenga derecho a estornudar. El testador s\u00f3lo puede disponer de una parte de su patrimonio, una parte sustancial del cual se rige por la ley y no puede ser anulada por un testamento.<\/p>\n<p>Afortunadamente, el reglamento del derecho de sucesi\u00f3n de la UE permite elegir la ley. Sin embargo, no se puede elegir cualquier ley que se desee, sino s\u00f3lo una ley de sucesi\u00f3n con la que el testador tenga una clara conexi\u00f3n.<\/p>\n<p>\u00bfQu\u00e9 significa esto en la pr\u00e1ctica? Para casi todos los ciudadanos de la UE residentes en Ibiza, es necesario un testamento con elecci\u00f3n de ley si se quiere evitar que se aplique la ley espa\u00f1ola en el caso de una herencia.<\/p>\n<p>Por favor, tenga en cuenta tambi\u00e9n la nueva ley del impuesto sobre la herencia espa\u00f1ola: A principios de 2015 se ha suprimido legalmente la discriminaci\u00f3n de los no residentes en Espa\u00f1a en materia de herencias y donaciones. Los no residentes en Ibiza pueden ahora beneficiarse de las ventajas fiscales de la ley de herencias y donaciones de las Baleares si la propiedad que forma parte de la herencia est\u00e1 situada en las Islas Baleares. Para los herederos de primer orden (hijos, padres), s\u00f3lo se paga el 1% del impuesto de sucesi\u00f3n y el 7% del impuesto de donaci\u00f3n. Adem\u00e1s, los herederos de primer orden que hayan pagado demasiado impuesto de sucesi\u00f3n en a\u00f1os anteriores pueden solicitar la devoluci\u00f3n del impuesto de sucesi\u00f3n en la oficina de impuestos correspondiente en Madrid. Traducido con la versi\u00f3n gratuita del Traductor de DeepL.<\/p>\n<\/div><div class=\"fusion-clearfix\"><\/div><\/div><\/div><\/div><div class=\"fusion-builder-row fusion-row\"><\/div><\/div><div class=\"fusion-fullwidth fullwidth-box fusion-builder-row-2 hundred-percent-fullwidth non-hundred-percent-height-scrolling\" style=\"--awb-border-radius-top-left:0px;--awb-border-radius-top-right:0px;--awb-border-radius-bottom-right:0px;--awb-border-radius-bottom-left:0px;--awb-overflow:visible;--awb-flex-wrap:wrap;\" ><div class=\"fusion-builder-row fusion-row\"><div class=\"fusion-layout-column fusion_builder_column fusion-builder-column-1 fusion_builder_column_1_1 1_1 fusion-one-full fusion-column-first fusion-column-last fusion-column-no-min-height\" style=\"--awb-bg-size:cover;--awb-margin-bottom:0px;\"><div class=\"fusion-column-wrapper fusion-flex-column-wrapper-legacy\"><div class=\"fusion-text fusion-text-2\"><h3 data-fusion-font=\"true\">Quellenangabe:<\/h3>\n<p style=\"font-size: 13px; line-height: 16px;\" data-fusion-font=\"true\">Die Inhalte dieses Beitrags stellen lediglich eine generelle Information und in keinem Fall eine rechtliche oder fachliche Beratung dar. Weder die herausgebende Kanzlei<a href=\"http:\/\/www.ibiza-legal.com\/de\/\"><b> IBIZA-LEGAL <\/b><\/a>noch deren Mitarbeiter \u00fcbernehmen in irgendeiner Art Verantwortung f\u00fcr m\u00f6glicherweise in Zusammenhang mit der Nutzung der Inhalte der Seite auftretende Nachteile oder Sch\u00e4den.<\/p>\n<p style=\"font-size: 13px; line-height: 16px;\" data-fusion-font=\"true\">Die Kanzlei <a href=\"http:\/\/www.ibiza-legal.com\/de\/\"><b> IBIZA-LEGAL <\/b><\/a>\u00a0\u00fcbernimmt ebenso wenig Verantwortung f\u00fcr die Inhalte anderer Webseiten, welche durch Links oder auf andere Art und Weise mit dieser Webseite verbunden sind. Die Einbeziehung von Links zu anderen Webseiten auf dieser Seite bedeutet weder eine Genehmigung noch ein Einverst\u00e4ndnis mit den Inhalten dieser Webseiten, noch das Bestehen irgendeiner anderen Verbindung zwischen der Kanzlei IBIZA-LEGAL und den Inhabern dieser Beitragsseite.<\/p>\n<p style=\"font-size: 13px; line-height: 16px;\" data-fusion-font=\"true\">Die Kopie, Vervielf\u00e4ltigung, Wiedergabe, \u00dcbertragung, der Vertrieb oder die Ver\u00f6ffentlichung der Inhalte dieser Webseite sind ohne die vorherige ausdr\u00fcckliche Zustimmung der Kanzlei <a href=\"http:\/\/www.ibiza-legal.com\/de\/\"><b> IBIZA-LEGAL <\/b><\/a>\u00a0untersagt. Die Wiedergabe und zeitliche vor\u00fcbergehende Speicherung der Inhalte dieser Webseite sind insofern gestattet, wie dies f\u00fcr die Nutzung und Kenntlichmachung der Webseite von einem Personalcomputer aus erforderlich ist.<\/p>\n<p><b style=\"font-size: 13px; line-height: 16px;\" data-fusion-font=\"true\">IBIZA LEGAL<\/b><br \/>\n<span style=\"font-size: 13px; line-height: 16px;\" data-fusion-font=\"true\">Rechtsanw\u00e4lte &amp; Abogados<\/span><\/p>\n<p><span style=\"font-size: 13px; line-height: 16px;\" data-fusion-font=\"true\"><b>DIRECCI\u00d3N:<\/b><\/span><br \/>\n<span style=\"font-size: 13px; line-height: 16px;\" data-fusion-font=\"true\">Calle Extremadura, 22 \u2013 3\u00ba izq.<\/span><br \/>\n<span style=\"font-size: 13px; line-height: 16px;\" data-fusion-font=\"true\">Ibiza<\/span><br \/>\n<span style=\"font-size: 13px; line-height: 16px;\" data-fusion-font=\"true\">Islas Baleares E-07800<\/span><\/p>\n<p><span style=\"font-size: 13px; line-height: 16px;\" data-fusion-font=\"true\"><b>TEL\u00c9FONOS:<\/b><\/span><br \/>\n<span style=\"font-size: 13px; line-height: 16px;\" data-fusion-font=\"true\">+34 971 59 02 30<br \/>\n<\/span><span style=\"font-size: 13px; line-height: 16px;\" data-fusion-font=\"true\">+34 971 30 13 98<\/span><br \/>\n<span style=\"font-size: 13px; line-height: 16px;\" data-fusion-font=\"true\">+34 647 99 47 35 (no Whatsapp) <\/span><\/p>\n<p><strong><span style=\"font-size: 13px; line-height: 16px;\" data-fusion-font=\"true\">E-MAIL:<\/span><\/strong><br \/>\n<strong><a href=\"mailto:info@ibiza-legal.com\"><span style=\"font-size: 13px; line-height: 16px;\" data-fusion-font=\"true\">info@ibiza-legal.com<\/span><\/a><\/strong><\/p>\n<div class=\"ms-editor-squiggler\" style=\"color: initial; font: initial; font-feature-settings: initial; font-kerning: initial; font-optical-sizing: initial; font-variation-settings: initial; forced-color-adjust: initial; text-orientation: initial; text-rendering: initial; -webkit-font-smoothing: initial; -webkit-locale: initial; -webkit-text-orientation: initial; -webkit-writing-mode: initial; writing-mode: initial; zoom: initial; place-content: initial; place-items: initial; place-self: initial; alignment-baseline: initial; animation: initial; appearance: initial; aspect-ratio: initial; backdrop-filter: initial; backface-visibility: initial; background: initial; background-blend-mode: initial; baseline-shift: initial; block-size: initial; border-block: initial; border: initial; border-radius: initial; border-collapse: initial; border-end-end-radius: initial; border-end-start-radius: initial; border-inline: initial; border-start-end-radius: initial; border-start-start-radius: initial; inset: initial; box-shadow: initial; box-sizing: initial; break-after: initial; break-before: initial; break-inside: initial; buffered-rendering: initial; caption-side: initial; caret-color: initial; clear: initial; clip: initial; clip-path: initial; clip-rule: initial; color-interpolation: initial; color-interpolation-filters: initial; color-rendering: initial; color-scheme: initial; columns: initial; column-fill: initial; gap: initial; column-rule: initial; column-span: initial; contain: initial; contain-intrinsic-size: initial; content: initial; content-visibility: initial; counter-increment: initial; counter-reset: initial; counter-set: initial; cursor: initial; cx: initial; cy: initial; d: initial; display: block; dominant-baseline: initial; empty-cells: initial; fill: initial; fill-opacity: initial; fill-rule: initial; filter: initial; flex: initial; flex-flow: initial; float: initial; flood-color: initial; flood-opacity: initial; grid: initial; grid-area: initial; height: 0px; hyphens: initial; image-orientation: initial; image-rendering: initial; inline-size: initial; inset-block: initial; inset-inline: initial; isolation: initial; letter-spacing: initial; lighting-color: initial; line-break: initial; list-style: initial; margin-block: initial; margin: initial; margin-inline: initial; marker: initial; mask: initial; mask-type: initial; max-block-size: initial; max-height: initial; max-inline-size: initial; max-width: initial; min-block-size: initial; min-height: initial; min-inline-size: initial; min-width: initial; mix-blend-mode: initial; object-fit: initial; object-position: initial; offset: initial; opacity: initial; order: initial; origin-trial-test-property: initial; orphans: initial; outline: initial; outline-offset: initial; overflow-anchor: initial; overflow-wrap: initial; overflow: initial; overscroll-behavior-block: initial; overscroll-behavior-inline: initial; overscroll-behavior: initial; padding-block: initial; padding: initial; padding-inline: initial; page: initial; page-orientation: initial; paint-order: initial; perspective: initial; perspective-origin: initial; pointer-events: initial; position: initial; quotes: initial; r: initial; resize: initial; ruby-position: initial; rx: initial; ry: initial; scroll-behavior: initial; scroll-margin-block: initial; scroll-margin: initial; scroll-margin-inline: initial; scroll-padding-block: initial; scroll-padding: initial; scroll-padding-inline: initial; scroll-snap-align: initial; scroll-snap-stop: initial; scroll-snap-type: initial; shape-image-threshold: initial; shape-margin: initial; shape-outside: initial; shape-rendering: initial; size: initial; speak: initial; stop-color: initial; stop-opacity: initial; stroke: initial; stroke-dasharray: initial; stroke-dashoffset: initial; stroke-linecap: initial; stroke-linejoin: initial; stroke-miterlimit: initial; stroke-opacity: initial; stroke-width: initial; tab-size: initial; table-layout: initial; text-align: initial; text-align-last: initial; text-anchor: initial; text-combine-upright: initial; text-decoration: initial; text-decoration-skip-ink: initial; text-indent: initial; text-overflow: initial; text-shadow: initial; text-size-adjust: initial; text-transform: initial; text-underline-offset: initial; text-underline-position: initial; touch-action: initial; transform: initial; transform-box: initial; transform-origin: initial; transform-style: initial; transition: initial; user-select: initial; vector-effect: initial; vertical-align: initial; visibility: initial; -webkit-app-region: initial; border-spacing: initial; -webkit-border-image: initial; -webkit-box-align: initial; -webkit-box-decoration-break: initial; -webkit-box-direction: initial; -webkit-box-flex: initial; -webkit-box-ordinal-group: initial; -webkit-box-orient: initial; -webkit-box-pack: initial; -webkit-box-reflect: initial; -webkit-highlight: initial; -webkit-hyphenate-character: initial; -webkit-line-break: initial; -webkit-line-clamp: initial; -webkit-mask-box-image: initial; -webkit-mask: initial; -webkit-mask-composite: initial; -webkit-perspective-origin-x: initial; -webkit-perspective-origin-y: initial; -webkit-print-color-adjust: initial; -webkit-rtl-ordering: initial; -webkit-ruby-position: initial; -webkit-tap-highlight-color: initial; -webkit-text-combine: initial; -webkit-text-decorations-in-effect: initial; -webkit-text-emphasis: initial; -webkit-text-emphasis-position: initial; -webkit-text-fill-color: initial; -webkit-text-security: initial; -webkit-text-stroke: initial; -webkit-transform-origin-x: initial; -webkit-transform-origin-y: initial; -webkit-transform-origin-z: initial; -webkit-user-drag: initial; -webkit-user-modify: initial; white-space: initial; widows: initial; width: initial; will-change: initial; word-break: initial; word-spacing: initial; x: initial; y: initial; z-index: initial;\"><\/div>\n<\/div><div class=\"fusion-clearfix\"><\/div><\/div><\/div><\/div><div class=\"fusion-builder-row fusion-row\"><\/div><\/div><\/p>\n","protected":false},"excerpt":{"rendered":"","protected":false},"author":1,"featured_media":0,"menu_order":0,"comment_status":"closed","ping_status":"closed","template":"","format":"standard","meta":{"footnotes":""},"faq_category":[],"class_list":["post-126238","avada_faq","type-avada_faq","status-publish","format-standard","hentry"],"yoast_head":"<!-- This site is optimized with the Yoast SEO plugin v26.8 - https:\/\/yoast.com\/product\/yoast-seo-wordpress\/ -->\n<title>La nueva ley de herencia de la UE | home4you<\/title>\n<meta name=\"robots\" content=\"index, follow, max-snippet:-1, max-image-preview:large, max-video-preview:-1\" \/>\n<link rel=\"canonical\" href=\"https:\/\/home4you.info\/es\/faq-items\/la-nueva-ley-de-herencia-de-la-ue\/\" \/>\n<meta property=\"og:locale\" content=\"es_ES\" \/>\n<meta property=\"og:type\" content=\"article\" \/>\n<meta property=\"og:title\" content=\"La nueva ley de herencia de la UE | home4you\" \/>\n<meta property=\"og:url\" content=\"https:\/\/home4you.info\/es\/faq-items\/la-nueva-ley-de-herencia-de-la-ue\/\" \/>\n<meta property=\"og:site_name\" content=\"home4you\" \/>\n<meta property=\"article:publisher\" content=\"https:\/\/www.facebook.com\/profile.php?id=100058838386052\" \/>\n<meta property=\"article:modified_time\" content=\"2021-04-10T16:15:32+00:00\" \/>\n<meta name=\"twitter:card\" content=\"summary_large_image\" \/>\n<meta name=\"twitter:label1\" content=\"Tiempo de lectura\" \/>\n\t<meta name=\"twitter:data1\" content=\"6 minutos\" \/>\n<script type=\"application\/ld+json\" class=\"yoast-schema-graph\">{\"@context\":\"https:\/\/schema.org\",\"@graph\":[{\"@type\":\"WebPage\",\"@id\":\"https:\/\/home4you.info\/es\/faq-items\/la-nueva-ley-de-herencia-de-la-ue\/\",\"url\":\"https:\/\/home4you.info\/es\/faq-items\/la-nueva-ley-de-herencia-de-la-ue\/\",\"name\":\"La nueva ley de herencia de la UE | home4you\",\"isPartOf\":{\"@id\":\"https:\/\/home4you.info\/es\/#website\"},\"datePublished\":\"2020-07-03T13:17:28+00:00\",\"dateModified\":\"2021-04-10T16:15:32+00:00\",\"breadcrumb\":{\"@id\":\"https:\/\/home4you.info\/es\/faq-items\/la-nueva-ley-de-herencia-de-la-ue\/#breadcrumb\"},\"inLanguage\":\"es\",\"potentialAction\":[{\"@type\":\"ReadAction\",\"target\":[\"https:\/\/home4you.info\/es\/faq-items\/la-nueva-ley-de-herencia-de-la-ue\/\"]}]},{\"@type\":\"BreadcrumbList\",\"@id\":\"https:\/\/home4you.info\/es\/faq-items\/la-nueva-ley-de-herencia-de-la-ue\/#breadcrumb\",\"itemListElement\":[{\"@type\":\"ListItem\",\"position\":1,\"name\":\"Startseite\",\"item\":\"https:\/\/home4you.info\/es\/home\/\"},{\"@type\":\"ListItem\",\"position\":2,\"name\":\"FAQs\",\"item\":\"https:\/\/home4you.info\/es\/faq-items\/\"},{\"@type\":\"ListItem\",\"position\":3,\"name\":\"La nueva ley de herencia de la UE\"}]},{\"@type\":\"WebSite\",\"@id\":\"https:\/\/home4you.info\/es\/#website\",\"url\":\"https:\/\/home4you.info\/es\/\",\"name\":\"home4you\",\"description\":\"modern home \u2013 modern living\",\"publisher\":{\"@id\":\"https:\/\/home4you.info\/es\/#organization\"},\"potentialAction\":[{\"@type\":\"SearchAction\",\"target\":{\"@type\":\"EntryPoint\",\"urlTemplate\":\"https:\/\/home4you.info\/es\/?s={search_term_string}\"},\"query-input\":{\"@type\":\"PropertyValueSpecification\",\"valueRequired\":true,\"valueName\":\"search_term_string\"}}],\"inLanguage\":\"es\"},{\"@type\":\"Organization\",\"@id\":\"https:\/\/home4you.info\/es\/#organization\",\"name\":\"home4you\",\"url\":\"https:\/\/home4you.info\/es\/\",\"logo\":{\"@type\":\"ImageObject\",\"inLanguage\":\"es\",\"@id\":\"https:\/\/home4you.info\/es\/#\/schema\/logo\/image\/\",\"url\":\"https:\/\/home4you.info\/wp-content\/uploads\/2021\/10\/03logo3.png\",\"contentUrl\":\"https:\/\/home4you.info\/wp-content\/uploads\/2021\/10\/03logo3.png\",\"width\":398,\"height\":274,\"caption\":\"home4you\"},\"image\":{\"@id\":\"https:\/\/home4you.info\/es\/#\/schema\/logo\/image\/\"},\"sameAs\":[\"https:\/\/www.facebook.com\/profile.php?id=100058838386052\",\"https:\/\/www.instagram.com\/home4you_immobilien\/\"]}]}<\/script>\n<!-- \/ Yoast SEO plugin. -->","yoast_head_json":{"title":"La nueva ley de herencia de la UE | home4you","robots":{"index":"index","follow":"follow","max-snippet":"max-snippet:-1","max-image-preview":"max-image-preview:large","max-video-preview":"max-video-preview:-1"},"canonical":"https:\/\/home4you.info\/es\/faq-items\/la-nueva-ley-de-herencia-de-la-ue\/","og_locale":"es_ES","og_type":"article","og_title":"La nueva ley de herencia de la UE | home4you","og_url":"https:\/\/home4you.info\/es\/faq-items\/la-nueva-ley-de-herencia-de-la-ue\/","og_site_name":"home4you","article_publisher":"https:\/\/www.facebook.com\/profile.php?id=100058838386052","article_modified_time":"2021-04-10T16:15:32+00:00","twitter_card":"summary_large_image","twitter_misc":{"Tiempo de lectura":"6 minutos"},"schema":{"@context":"https:\/\/schema.org","@graph":[{"@type":"WebPage","@id":"https:\/\/home4you.info\/es\/faq-items\/la-nueva-ley-de-herencia-de-la-ue\/","url":"https:\/\/home4you.info\/es\/faq-items\/la-nueva-ley-de-herencia-de-la-ue\/","name":"La nueva ley de herencia de la UE | home4you","isPartOf":{"@id":"https:\/\/home4you.info\/es\/#website"},"datePublished":"2020-07-03T13:17:28+00:00","dateModified":"2021-04-10T16:15:32+00:00","breadcrumb":{"@id":"https:\/\/home4you.info\/es\/faq-items\/la-nueva-ley-de-herencia-de-la-ue\/#breadcrumb"},"inLanguage":"es","potentialAction":[{"@type":"ReadAction","target":["https:\/\/home4you.info\/es\/faq-items\/la-nueva-ley-de-herencia-de-la-ue\/"]}]},{"@type":"BreadcrumbList","@id":"https:\/\/home4you.info\/es\/faq-items\/la-nueva-ley-de-herencia-de-la-ue\/#breadcrumb","itemListElement":[{"@type":"ListItem","position":1,"name":"Startseite","item":"https:\/\/home4you.info\/es\/home\/"},{"@type":"ListItem","position":2,"name":"FAQs","item":"https:\/\/home4you.info\/es\/faq-items\/"},{"@type":"ListItem","position":3,"name":"La nueva ley de herencia de la UE"}]},{"@type":"WebSite","@id":"https:\/\/home4you.info\/es\/#website","url":"https:\/\/home4you.info\/es\/","name":"home4you","description":"modern home \u2013 modern living","publisher":{"@id":"https:\/\/home4you.info\/es\/#organization"},"potentialAction":[{"@type":"SearchAction","target":{"@type":"EntryPoint","urlTemplate":"https:\/\/home4you.info\/es\/?s={search_term_string}"},"query-input":{"@type":"PropertyValueSpecification","valueRequired":true,"valueName":"search_term_string"}}],"inLanguage":"es"},{"@type":"Organization","@id":"https:\/\/home4you.info\/es\/#organization","name":"home4you","url":"https:\/\/home4you.info\/es\/","logo":{"@type":"ImageObject","inLanguage":"es","@id":"https:\/\/home4you.info\/es\/#\/schema\/logo\/image\/","url":"https:\/\/home4you.info\/wp-content\/uploads\/2021\/10\/03logo3.png","contentUrl":"https:\/\/home4you.info\/wp-content\/uploads\/2021\/10\/03logo3.png","width":398,"height":274,"caption":"home4you"},"image":{"@id":"https:\/\/home4you.info\/es\/#\/schema\/logo\/image\/"},"sameAs":["https:\/\/www.facebook.com\/profile.php?id=100058838386052","https:\/\/www.instagram.com\/home4you_immobilien\/"]}]}},"_links":{"self":[{"href":"https:\/\/home4you.info\/es\/wp-json\/wp\/v2\/avada_faq\/126238","targetHints":{"allow":["GET"]}}],"collection":[{"href":"https:\/\/home4you.info\/es\/wp-json\/wp\/v2\/avada_faq"}],"about":[{"href":"https:\/\/home4you.info\/es\/wp-json\/wp\/v2\/types\/avada_faq"}],"author":[{"embeddable":true,"href":"https:\/\/home4you.info\/es\/wp-json\/wp\/v2\/users\/1"}],"replies":[{"embeddable":true,"href":"https:\/\/home4you.info\/es\/wp-json\/wp\/v2\/comments?post=126238"}],"version-history":[{"count":0,"href":"https:\/\/home4you.info\/es\/wp-json\/wp\/v2\/avada_faq\/126238\/revisions"}],"wp:attachment":[{"href":"https:\/\/home4you.info\/es\/wp-json\/wp\/v2\/media?parent=126238"}],"wp:term":[{"taxonomy":"faq_category","embeddable":true,"href":"https:\/\/home4you.info\/es\/wp-json\/wp\/v2\/faq_category?post=126238"}],"curies":[{"name":"wp","href":"https:\/\/api.w.org\/{rel}","templated":true}]}}