{"id":126252,"date":"2020-07-03T15:29:38","date_gmt":"2020-07-03T13:29:38","guid":{"rendered":"https:\/\/home4you.info\/faq-items\/que-costes-soporta-el-vendedor-al-vender-una-propiedad-en-las-islas-baleares\/"},"modified":"2021-04-10T18:24:56","modified_gmt":"2021-04-10T16:24:56","slug":"que-costes-soporta-el-vendedor-al-vender-una-propiedad-en-las-islas-baleares","status":"publish","type":"avada_faq","link":"https:\/\/home4you.info\/es\/faq-items\/que-costes-soporta-el-vendedor-al-vender-una-propiedad-en-las-islas-baleares\/","title":{"rendered":"\u00bfQu\u00e9 costes soporta el vendedor al vender una propiedad en las Islas Baleares?"},"content":{"rendered":"<p><div class=\"fusion-fullwidth fullwidth-box fusion-builder-row-1 nonhundred-percent-fullwidth non-hundred-percent-height-scrolling\" style=\"--awb-border-radius-top-left:0px;--awb-border-radius-top-right:0px;--awb-border-radius-bottom-right:0px;--awb-border-radius-bottom-left:0px;--awb-flex-wrap:wrap;\" ><div class=\"fusion-builder-row fusion-row\"><div class=\"fusion-layout-column fusion_builder_column fusion-builder-column-0 fusion_builder_column_1_1 1_1 fusion-one-full fusion-column-first fusion-column-last\" style=\"--awb-bg-size:cover;--awb-margin-bottom:0px;\"><div class=\"fusion-column-wrapper fusion-flex-column-wrapper-legacy\"><div class=\"fusion-text fusion-text-1\"><p>Si un residente o no residente vende su propiedad espa\u00f1ola en Ibiza, esto puede significar que ha realizado una ganancia de capital y una apreciaci\u00f3n de capital, ambos gravables.<\/p>\n<p>En principio, el vendedor est\u00e1 sujeto al impuesto municipal sobre las ganancias de capital (\u00abPlusval\u00eda municipal\u00bb), a menos que el comprador y el vendedor acuerden otra cosa.<\/p>\n<p>Sin embargo, seg\u00fan la jurisprudencia m\u00e1s reciente, ese acuerdo s\u00f3lo es v\u00e1lido en determinadas condiciones. Adem\u00e1s, el vendedor debe pagar el impuesto sobre la plusval\u00eda de la venta de sus bienes inmuebles entre el momento de la compra y la venta (\u00abimpuesto estatal sobre la plusval\u00eda\u00bb) si recibe un beneficio financiero como resultado.<\/p>\n<p>Esto es tratado como un ingreso en la Ley del Impuesto sobre la Renta (IRPF) y se a\u00f1ade a sus otros ingresos.<\/p>\n<p>Esto significa que hay que distinguir entre dos impuestos completamente diferentes cuando se gravan la plusval\u00eda o las ganancias de capital de los bienes inmuebles:<\/p>\n<p>&#8211; El impuesto estatal sobre la renta, que grava las ganancias de capital de la tierra y &#8211; si las hay &#8211; los edificios construidos en ella<\/p>\n<p>&#8211; La municipalidad de Plusval\u00eda, que grava el aumento del valor de los terrenos urbanos sin tener en cuenta las construcciones existentes<\/p>\n<p>Como resultado de las concesiones fiscales para las adquisiciones realizadas antes del 31 de diciembre de 1986, cuanto m\u00e1s larga sea la adquisici\u00f3n, menor ser\u00e1 el impuesto sobre la ganancia de capital. En el caso de Plusval\u00eda, en cambio, cuanto m\u00e1s tiempo haya sido el cedente propietario del inmueble, m\u00e1s elevado es el impuesto, por lo que s\u00f3lo se tienen en cuenta los \u00faltimos veinte a\u00f1os.<\/p>\n<p>El impuesto sobre los beneficios espa\u00f1ol (estatal)<\/p>\n<p>En lo que respecta al impuesto estatal sobre los beneficios, hay que distinguir entre residentes y no residentes. Para los no residentes en las Islas Baleares, el actual tipo impositivo sobre las ganancias de capital ha sido un uniforme del 19% desde principios de 2016.<\/p>\n<p>Si un no residente transfiere un inmueble situado en las Islas Baleares, el comprador est\u00e1 obligado a retener una cantidad equivalente al 3% del precio de compra notarial y a abonarlo a la Agencia Tributaria en el plazo de un mes a partir de la escrituraci\u00f3n del contrato de compraventa mediante el formulario correspondiente a favor del vendedor, y a continuaci\u00f3n entregarle la prueba correspondiente. Si el vendedor no ha obtenido un beneficio en la venta, la oficina de impuestos reembolsar\u00e1 al vendedor, a petici\u00f3n de \u00e9ste, la cantidad pagada o una cantidad parcial despu\u00e9s de la deducci\u00f3n de posibles deudas fiscales.<\/p>\n<p>Impuesto de Ganancias Municipales &#8211; \u00abPlusval\u00eda municipal<\/p>\n<p>Por regla general, toda transmisi\u00f3n de terrenos urbanos sujeta al impuesto sobre la propiedad inmobiliaria (IBI) est\u00e1 gravada con el impuesto sobre el incremento del valor de los terrenos urbanos, el \u00abImpuesto sobre el Incremento del Valor de los Terrenos de Naturaleza Urbana\u00bb, llamado coloquialmente Plusval\u00eda.<br \/>\nEl impuesto se basa en el aumento del valor de los terrenos urbanos.<\/p>\n<p>Esto significa que cuando compras un terreno construido, los edificios no est\u00e1n incluidos, s\u00f3lo el terreno mismo. El impuesto se basa en el aumento real del valor durante los \u00faltimos veinte a\u00f1os antes de la transferencia. El c\u00e1lculo del importe exacto del impuesto de Plusval\u00eda elaborado por la administraci\u00f3n municipal se basa en el llamado \u00abValor catastral\u00bb. El valor catastral puede tomarse de la respectiva evaluaci\u00f3n del impuesto sobre la propiedad del a\u00f1o anterior.<\/p>\n<p>Los notarios est\u00e1n obligados a facilitar a la administraci\u00f3n municipal competente una lista de todas las escrituras p\u00fablicas que hayan legalizado, en la medida en que \u00e9stas contengan transacciones legales relevantes para el impuesto de Plusval\u00eda.\u00a0 Sin la correspondiente solicitud de la parte compradora o vendedora al municipio para el c\u00e1lculo de la Plusval\u00eda, la oficina del registro de la propiedad competente no inscribir\u00e1 al nuevo propietario en la actualidad.<\/p>\n<p>Si el vendedor del inmueble es un no-residente, el municipio puede solicitar directamente al comprador del inmueble al cobrar el impuesto de Plusval\u00eda. Como resultado de esta situaci\u00f3n legal, los municipios pueden hacer responsable al comprador, aunque \u00e9ste no estuviera expresamente obligado a pagar el impuesto en la escritura p\u00fablica de compraventa.<\/p>\n<\/div><div class=\"fusion-clearfix\"><\/div><\/div><\/div><\/div><div class=\"fusion-builder-row fusion-row\"><\/div><\/div><div class=\"fusion-fullwidth fullwidth-box fusion-builder-row-2 hundred-percent-fullwidth non-hundred-percent-height-scrolling\" style=\"--awb-border-radius-top-left:0px;--awb-border-radius-top-right:0px;--awb-border-radius-bottom-right:0px;--awb-border-radius-bottom-left:0px;--awb-overflow:visible;--awb-flex-wrap:wrap;\" ><div class=\"fusion-builder-row fusion-row\"><div class=\"fusion-layout-column fusion_builder_column fusion-builder-column-1 fusion_builder_column_1_1 1_1 fusion-one-full fusion-column-first fusion-column-last fusion-column-no-min-height\" style=\"--awb-bg-size:cover;--awb-margin-bottom:0px;\"><div class=\"fusion-column-wrapper fusion-flex-column-wrapper-legacy\"><div class=\"fusion-text fusion-text-2\"><h3 data-fusion-font=\"true\">Quellenangabe:<\/h3>\n<p style=\"font-size: 13px; line-height: 16px;\" data-fusion-font=\"true\">Die Inhalte dieses Beitrags stellen lediglich eine generelle Information und in keinem Fall eine rechtliche oder fachliche Beratung dar. Weder die herausgebende Kanzlei<a href=\"http:\/\/www.ibiza-legal.com\/de\/\"><b> IBIZA-LEGAL <\/b><\/a>noch deren Mitarbeiter \u00fcbernehmen in irgendeiner Art Verantwortung f\u00fcr m\u00f6glicherweise in Zusammenhang mit der Nutzung der Inhalte der Seite auftretende Nachteile oder Sch\u00e4den.<\/p>\n<p style=\"font-size: 13px; line-height: 16px;\" data-fusion-font=\"true\">Die Kanzlei <a href=\"http:\/\/www.ibiza-legal.com\/de\/\"><b> IBIZA-LEGAL <\/b><\/a>\u00a0\u00fcbernimmt ebenso wenig Verantwortung f\u00fcr die Inhalte anderer Webseiten, welche durch Links oder auf andere Art und Weise mit dieser Webseite verbunden sind. Die Einbeziehung von Links zu anderen Webseiten auf dieser Seite bedeutet weder eine Genehmigung noch ein Einverst\u00e4ndnis mit den Inhalten dieser Webseiten, noch das Bestehen irgendeiner anderen Verbindung zwischen der Kanzlei IBIZA-LEGAL und den Inhabern dieser Beitragsseite.<\/p>\n<p style=\"font-size: 13px; line-height: 16px;\" data-fusion-font=\"true\">Die Kopie, Vervielf\u00e4ltigung, Wiedergabe, \u00dcbertragung, der Vertrieb oder die Ver\u00f6ffentlichung der Inhalte dieser Webseite sind ohne die vorherige ausdr\u00fcckliche Zustimmung der Kanzlei <a href=\"http:\/\/www.ibiza-legal.com\/de\/\"><b> IBIZA-LEGAL <\/b><\/a>\u00a0untersagt. Die Wiedergabe und zeitliche vor\u00fcbergehende Speicherung der Inhalte dieser Webseite sind insofern gestattet, wie dies f\u00fcr die Nutzung und Kenntlichmachung der Webseite von einem Personalcomputer aus erforderlich ist.<\/p>\n<p><b style=\"font-size: 13px; line-height: 16px;\" data-fusion-font=\"true\">IBIZA LEGAL<\/b><br \/>\n<span style=\"font-size: 13px; line-height: 16px;\" data-fusion-font=\"true\">Rechtsanw\u00e4lte &amp; Abogados<\/span><\/p>\n<p><span style=\"font-size: 13px; line-height: 16px;\" data-fusion-font=\"true\"><b>DIRECCI\u00d3N:<\/b><\/span><br \/>\n<span style=\"font-size: 13px; line-height: 16px;\" data-fusion-font=\"true\">Calle Extremadura, 22 \u2013 3\u00ba izq.<\/span><br \/>\n<span style=\"font-size: 13px; line-height: 16px;\" data-fusion-font=\"true\">Ibiza<\/span><br \/>\n<span style=\"font-size: 13px; line-height: 16px;\" data-fusion-font=\"true\">Islas Baleares E-07800<\/span><\/p>\n<p><span style=\"font-size: 13px; line-height: 16px;\" data-fusion-font=\"true\"><b>TEL\u00c9FONOS:<\/b><\/span><br \/>\n<span style=\"font-size: 13px; line-height: 16px;\" data-fusion-font=\"true\">+34 971 59 02 30<br \/>\n<\/span><span style=\"font-size: 13px; line-height: 16px;\" data-fusion-font=\"true\">+34 971 30 13 98<\/span><br \/>\n<span style=\"font-size: 13px; line-height: 16px;\" data-fusion-font=\"true\">+34 647 99 47 35 (no Whatsapp) <\/span><\/p>\n<p><strong><span style=\"font-size: 13px; line-height: 16px;\" data-fusion-font=\"true\">E-MAIL:<\/span><\/strong><br \/>\n<strong><a href=\"mailto:info@ibiza-legal.com\"><span style=\"font-size: 13px; line-height: 16px;\" data-fusion-font=\"true\">info@ibiza-legal.com<\/span><\/a><\/strong><\/p>\n<div class=\"ms-editor-squiggler\" style=\"color: initial; font: initial; font-feature-settings: initial; font-kerning: initial; font-optical-sizing: initial; font-variation-settings: initial; forced-color-adjust: initial; text-orientation: initial; text-rendering: initial; -webkit-font-smoothing: initial; -webkit-locale: initial; -webkit-text-orientation: initial; -webkit-writing-mode: initial; writing-mode: initial; zoom: initial; place-content: initial; place-items: initial; place-self: initial; alignment-baseline: initial; animation: initial; appearance: initial; aspect-ratio: initial; backdrop-filter: initial; backface-visibility: initial; background: initial; background-blend-mode: initial; baseline-shift: initial; block-size: initial; border-block: initial; border: initial; border-radius: initial; border-collapse: initial; border-end-end-radius: initial; border-end-start-radius: initial; border-inline: initial; border-start-end-radius: initial; border-start-start-radius: initial; inset: initial; box-shadow: initial; box-sizing: initial; break-after: initial; break-before: initial; break-inside: initial; buffered-rendering: initial; caption-side: initial; caret-color: initial; clear: initial; clip: initial; clip-path: initial; clip-rule: initial; color-interpolation: initial; color-interpolation-filters: initial; color-rendering: initial; color-scheme: initial; columns: initial; column-fill: initial; gap: initial; column-rule: initial; column-span: initial; contain: initial; contain-intrinsic-size: initial; content: initial; content-visibility: initial; counter-increment: initial; counter-reset: initial; counter-set: initial; cursor: initial; cx: initial; cy: initial; d: initial; display: block; dominant-baseline: initial; empty-cells: initial; fill: initial; fill-opacity: initial; fill-rule: initial; filter: initial; flex: initial; flex-flow: initial; float: initial; flood-color: initial; flood-opacity: initial; grid: initial; grid-area: initial; height: 0px; hyphens: initial; image-orientation: initial; image-rendering: initial; inline-size: initial; inset-block: initial; inset-inline: initial; isolation: initial; letter-spacing: initial; lighting-color: initial; line-break: initial; list-style: initial; margin-block: initial; margin: initial; margin-inline: initial; marker: initial; mask: initial; mask-type: initial; max-block-size: initial; max-height: initial; max-inline-size: initial; max-width: initial; min-block-size: initial; min-height: initial; min-inline-size: initial; min-width: initial; mix-blend-mode: initial; object-fit: initial; object-position: initial; offset: initial; opacity: initial; order: initial; origin-trial-test-property: initial; orphans: initial; outline: initial; outline-offset: initial; overflow-anchor: initial; overflow-wrap: initial; overflow: initial; overscroll-behavior-block: initial; overscroll-behavior-inline: initial; overscroll-behavior: initial; padding-block: initial; padding: initial; padding-inline: initial; page: initial; page-orientation: initial; paint-order: initial; perspective: initial; perspective-origin: initial; pointer-events: initial; position: initial; quotes: initial; r: initial; resize: initial; ruby-position: initial; rx: initial; ry: initial; scroll-behavior: initial; scroll-margin-block: initial; scroll-margin: initial; scroll-margin-inline: initial; scroll-padding-block: initial; scroll-padding: initial; scroll-padding-inline: initial; scroll-snap-align: initial; scroll-snap-stop: initial; scroll-snap-type: initial; shape-image-threshold: initial; shape-margin: initial; shape-outside: initial; shape-rendering: initial; size: initial; speak: initial; stop-color: initial; stop-opacity: initial; stroke: initial; stroke-dasharray: initial; stroke-dashoffset: initial; stroke-linecap: initial; stroke-linejoin: initial; stroke-miterlimit: initial; stroke-opacity: initial; stroke-width: initial; tab-size: initial; table-layout: initial; text-align: initial; text-align-last: initial; text-anchor: initial; text-combine-upright: initial; text-decoration: initial; text-decoration-skip-ink: initial; text-indent: initial; text-overflow: initial; text-shadow: initial; text-size-adjust: initial; text-transform: initial; text-underline-offset: initial; text-underline-position: initial; touch-action: initial; transform: initial; transform-box: initial; transform-origin: initial; transform-style: initial; transition: initial; user-select: initial; vector-effect: initial; vertical-align: initial; visibility: initial; -webkit-app-region: initial; border-spacing: initial; -webkit-border-image: initial; -webkit-box-align: initial; -webkit-box-decoration-break: initial; -webkit-box-direction: initial; -webkit-box-flex: initial; -webkit-box-ordinal-group: initial; -webkit-box-orient: initial; -webkit-box-pack: initial; -webkit-box-reflect: initial; -webkit-highlight: initial; -webkit-hyphenate-character: initial; -webkit-line-break: initial; -webkit-line-clamp: initial; -webkit-mask-box-image: initial; -webkit-mask: initial; -webkit-mask-composite: initial; -webkit-perspective-origin-x: initial; -webkit-perspective-origin-y: initial; -webkit-print-color-adjust: initial; -webkit-rtl-ordering: initial; -webkit-ruby-position: initial; -webkit-tap-highlight-color: initial; -webkit-text-combine: initial; -webkit-text-decorations-in-effect: initial; -webkit-text-emphasis: initial; -webkit-text-emphasis-position: initial; -webkit-text-fill-color: initial; -webkit-text-security: initial; -webkit-text-stroke: initial; -webkit-transform-origin-x: initial; -webkit-transform-origin-y: initial; -webkit-transform-origin-z: initial; -webkit-user-drag: initial; -webkit-user-modify: initial; white-space: initial; widows: initial; width: initial; will-change: initial; word-break: initial; word-spacing: initial; x: initial; y: initial; z-index: initial;\"><\/div>\n<\/div><div class=\"fusion-clearfix\"><\/div><\/div><\/div><\/div><div class=\"fusion-builder-row fusion-row\"><\/div><\/div><\/p>\n","protected":false},"excerpt":{"rendered":"","protected":false},"author":1,"featured_media":0,"menu_order":0,"comment_status":"closed","ping_status":"closed","template":"","format":"standard","meta":{"footnotes":""},"faq_category":[],"class_list":["post-126252","avada_faq","type-avada_faq","status-publish","format-standard","hentry"],"yoast_head":"<!-- This site is optimized with the Yoast SEO plugin v26.8 - https:\/\/yoast.com\/product\/yoast-seo-wordpress\/ -->\n<title>\u00bfQu\u00e9 costes soporta el vendedor al vender una propiedad en las Islas Baleares? | home4you<\/title>\n<meta name=\"robots\" content=\"index, follow, max-snippet:-1, max-image-preview:large, max-video-preview:-1\" \/>\n<link rel=\"canonical\" href=\"https:\/\/home4you.info\/es\/faq-items\/que-costes-soporta-el-vendedor-al-vender-una-propiedad-en-las-islas-baleares\/\" \/>\n<meta property=\"og:locale\" content=\"es_ES\" \/>\n<meta property=\"og:type\" content=\"article\" \/>\n<meta property=\"og:title\" content=\"\u00bfQu\u00e9 costes soporta el vendedor al vender una propiedad en las Islas Baleares? | home4you\" \/>\n<meta property=\"og:url\" content=\"https:\/\/home4you.info\/es\/faq-items\/que-costes-soporta-el-vendedor-al-vender-una-propiedad-en-las-islas-baleares\/\" \/>\n<meta property=\"og:site_name\" content=\"home4you\" \/>\n<meta property=\"article:publisher\" content=\"https:\/\/www.facebook.com\/profile.php?id=100058838386052\" \/>\n<meta property=\"article:modified_time\" content=\"2021-04-10T16:24:56+00:00\" \/>\n<meta name=\"twitter:card\" content=\"summary_large_image\" \/>\n<meta name=\"twitter:label1\" content=\"Tiempo de lectura\" \/>\n\t<meta name=\"twitter:data1\" content=\"6 minutos\" \/>\n<script type=\"application\/ld+json\" class=\"yoast-schema-graph\">{\"@context\":\"https:\/\/schema.org\",\"@graph\":[{\"@type\":\"WebPage\",\"@id\":\"https:\/\/home4you.info\/es\/faq-items\/que-costes-soporta-el-vendedor-al-vender-una-propiedad-en-las-islas-baleares\/\",\"url\":\"https:\/\/home4you.info\/es\/faq-items\/que-costes-soporta-el-vendedor-al-vender-una-propiedad-en-las-islas-baleares\/\",\"name\":\"\u00bfQu\u00e9 costes soporta el vendedor al vender una propiedad en las Islas Baleares? | home4you\",\"isPartOf\":{\"@id\":\"https:\/\/home4you.info\/es\/#website\"},\"datePublished\":\"2020-07-03T13:29:38+00:00\",\"dateModified\":\"2021-04-10T16:24:56+00:00\",\"breadcrumb\":{\"@id\":\"https:\/\/home4you.info\/es\/faq-items\/que-costes-soporta-el-vendedor-al-vender-una-propiedad-en-las-islas-baleares\/#breadcrumb\"},\"inLanguage\":\"es\",\"potentialAction\":[{\"@type\":\"ReadAction\",\"target\":[\"https:\/\/home4you.info\/es\/faq-items\/que-costes-soporta-el-vendedor-al-vender-una-propiedad-en-las-islas-baleares\/\"]}]},{\"@type\":\"BreadcrumbList\",\"@id\":\"https:\/\/home4you.info\/es\/faq-items\/que-costes-soporta-el-vendedor-al-vender-una-propiedad-en-las-islas-baleares\/#breadcrumb\",\"itemListElement\":[{\"@type\":\"ListItem\",\"position\":1,\"name\":\"Startseite\",\"item\":\"https:\/\/home4you.info\/es\/home\/\"},{\"@type\":\"ListItem\",\"position\":2,\"name\":\"FAQs\",\"item\":\"https:\/\/home4you.info\/es\/faq-items\/\"},{\"@type\":\"ListItem\",\"position\":3,\"name\":\"\u00bfQu\u00e9 costes soporta el vendedor al vender una propiedad en las Islas Baleares?\"}]},{\"@type\":\"WebSite\",\"@id\":\"https:\/\/home4you.info\/es\/#website\",\"url\":\"https:\/\/home4you.info\/es\/\",\"name\":\"home4you\",\"description\":\"modern home \u2013 modern living\",\"publisher\":{\"@id\":\"https:\/\/home4you.info\/es\/#organization\"},\"potentialAction\":[{\"@type\":\"SearchAction\",\"target\":{\"@type\":\"EntryPoint\",\"urlTemplate\":\"https:\/\/home4you.info\/es\/?s={search_term_string}\"},\"query-input\":{\"@type\":\"PropertyValueSpecification\",\"valueRequired\":true,\"valueName\":\"search_term_string\"}}],\"inLanguage\":\"es\"},{\"@type\":\"Organization\",\"@id\":\"https:\/\/home4you.info\/es\/#organization\",\"name\":\"home4you\",\"url\":\"https:\/\/home4you.info\/es\/\",\"logo\":{\"@type\":\"ImageObject\",\"inLanguage\":\"es\",\"@id\":\"https:\/\/home4you.info\/es\/#\/schema\/logo\/image\/\",\"url\":\"https:\/\/home4you.info\/wp-content\/uploads\/2021\/10\/03logo3.png\",\"contentUrl\":\"https:\/\/home4you.info\/wp-content\/uploads\/2021\/10\/03logo3.png\",\"width\":398,\"height\":274,\"caption\":\"home4you\"},\"image\":{\"@id\":\"https:\/\/home4you.info\/es\/#\/schema\/logo\/image\/\"},\"sameAs\":[\"https:\/\/www.facebook.com\/profile.php?id=100058838386052\",\"https:\/\/www.instagram.com\/home4you_immobilien\/\"]}]}<\/script>\n<!-- \/ Yoast SEO plugin. -->","yoast_head_json":{"title":"\u00bfQu\u00e9 costes soporta el vendedor al vender una propiedad en las Islas Baleares? | home4you","robots":{"index":"index","follow":"follow","max-snippet":"max-snippet:-1","max-image-preview":"max-image-preview:large","max-video-preview":"max-video-preview:-1"},"canonical":"https:\/\/home4you.info\/es\/faq-items\/que-costes-soporta-el-vendedor-al-vender-una-propiedad-en-las-islas-baleares\/","og_locale":"es_ES","og_type":"article","og_title":"\u00bfQu\u00e9 costes soporta el vendedor al vender una propiedad en las Islas Baleares? | home4you","og_url":"https:\/\/home4you.info\/es\/faq-items\/que-costes-soporta-el-vendedor-al-vender-una-propiedad-en-las-islas-baleares\/","og_site_name":"home4you","article_publisher":"https:\/\/www.facebook.com\/profile.php?id=100058838386052","article_modified_time":"2021-04-10T16:24:56+00:00","twitter_card":"summary_large_image","twitter_misc":{"Tiempo de lectura":"6 minutos"},"schema":{"@context":"https:\/\/schema.org","@graph":[{"@type":"WebPage","@id":"https:\/\/home4you.info\/es\/faq-items\/que-costes-soporta-el-vendedor-al-vender-una-propiedad-en-las-islas-baleares\/","url":"https:\/\/home4you.info\/es\/faq-items\/que-costes-soporta-el-vendedor-al-vender-una-propiedad-en-las-islas-baleares\/","name":"\u00bfQu\u00e9 costes soporta el vendedor al vender una propiedad en las Islas Baleares? | home4you","isPartOf":{"@id":"https:\/\/home4you.info\/es\/#website"},"datePublished":"2020-07-03T13:29:38+00:00","dateModified":"2021-04-10T16:24:56+00:00","breadcrumb":{"@id":"https:\/\/home4you.info\/es\/faq-items\/que-costes-soporta-el-vendedor-al-vender-una-propiedad-en-las-islas-baleares\/#breadcrumb"},"inLanguage":"es","potentialAction":[{"@type":"ReadAction","target":["https:\/\/home4you.info\/es\/faq-items\/que-costes-soporta-el-vendedor-al-vender-una-propiedad-en-las-islas-baleares\/"]}]},{"@type":"BreadcrumbList","@id":"https:\/\/home4you.info\/es\/faq-items\/que-costes-soporta-el-vendedor-al-vender-una-propiedad-en-las-islas-baleares\/#breadcrumb","itemListElement":[{"@type":"ListItem","position":1,"name":"Startseite","item":"https:\/\/home4you.info\/es\/home\/"},{"@type":"ListItem","position":2,"name":"FAQs","item":"https:\/\/home4you.info\/es\/faq-items\/"},{"@type":"ListItem","position":3,"name":"\u00bfQu\u00e9 costes soporta el vendedor al vender una propiedad en las Islas Baleares?"}]},{"@type":"WebSite","@id":"https:\/\/home4you.info\/es\/#website","url":"https:\/\/home4you.info\/es\/","name":"home4you","description":"modern home \u2013 modern living","publisher":{"@id":"https:\/\/home4you.info\/es\/#organization"},"potentialAction":[{"@type":"SearchAction","target":{"@type":"EntryPoint","urlTemplate":"https:\/\/home4you.info\/es\/?s={search_term_string}"},"query-input":{"@type":"PropertyValueSpecification","valueRequired":true,"valueName":"search_term_string"}}],"inLanguage":"es"},{"@type":"Organization","@id":"https:\/\/home4you.info\/es\/#organization","name":"home4you","url":"https:\/\/home4you.info\/es\/","logo":{"@type":"ImageObject","inLanguage":"es","@id":"https:\/\/home4you.info\/es\/#\/schema\/logo\/image\/","url":"https:\/\/home4you.info\/wp-content\/uploads\/2021\/10\/03logo3.png","contentUrl":"https:\/\/home4you.info\/wp-content\/uploads\/2021\/10\/03logo3.png","width":398,"height":274,"caption":"home4you"},"image":{"@id":"https:\/\/home4you.info\/es\/#\/schema\/logo\/image\/"},"sameAs":["https:\/\/www.facebook.com\/profile.php?id=100058838386052","https:\/\/www.instagram.com\/home4you_immobilien\/"]}]}},"_links":{"self":[{"href":"https:\/\/home4you.info\/es\/wp-json\/wp\/v2\/avada_faq\/126252","targetHints":{"allow":["GET"]}}],"collection":[{"href":"https:\/\/home4you.info\/es\/wp-json\/wp\/v2\/avada_faq"}],"about":[{"href":"https:\/\/home4you.info\/es\/wp-json\/wp\/v2\/types\/avada_faq"}],"author":[{"embeddable":true,"href":"https:\/\/home4you.info\/es\/wp-json\/wp\/v2\/users\/1"}],"replies":[{"embeddable":true,"href":"https:\/\/home4you.info\/es\/wp-json\/wp\/v2\/comments?post=126252"}],"version-history":[{"count":0,"href":"https:\/\/home4you.info\/es\/wp-json\/wp\/v2\/avada_faq\/126252\/revisions"}],"wp:attachment":[{"href":"https:\/\/home4you.info\/es\/wp-json\/wp\/v2\/media?parent=126252"}],"wp:term":[{"taxonomy":"faq_category","embeddable":true,"href":"https:\/\/home4you.info\/es\/wp-json\/wp\/v2\/faq_category?post=126252"}],"curies":[{"name":"wp","href":"https:\/\/api.w.org\/{rel}","templated":true}]}}